{"id":1879,"date":"2019-05-04T19:37:34","date_gmt":"2019-05-04T22:37:34","guid":{"rendered":"http:\/\/portaldeboaspraticas.iff.fiocruz.br\/apice\/?page_id=1879"},"modified":"2019-06-14T16:47:48","modified_gmt":"2019-06-14T19:47:48","slug":"boletim-apiceon-n-o-02-2019","status":"publish","type":"page","link":"https:\/\/portaldeboaspraticas.iff.fiocruz.br\/apice\/boletim-apiceon-n-o-02-2019\/","title":{"rendered":"Escolhas para Inovarmos na Produ\u00e7\u00e3o do Cuidado, das Pr\u00e1ticas e do Conhecimento"},"content":{"rendered":"<p>&nbsp;<\/p>\n<table class=\"tnpc-row tnpc-row-block ui-sortable-handle\" style=\"border-collapse: collapse; width: 100%;\" border=\"0\" width=\"100%\" cellspacing=\"0\" cellpadding=\"0\" align=\"center\" data-id=\"preheader\">\n<tbody>\n<tr>\n<td class=\"edit-block\" style=\"padding: 0; font-family: Helvetica, Arial, sans-serif;\" align=\"center\" data-options=\"options[text]=Boletim%20ApiceON%20n.%C2%BA%2002%2F2019&amp;options[view]=Ver%20Online&amp;options[font_family]=Helvetica%2C%20Arial%2C%20sans-serif&amp;options[font_size]=12&amp;options[font_weight]=Normal&amp;options[font_color]=%23999999&amp;options[block_background]=%23ffffff&amp;\"><!-- [if mso]>\n\n\n<table border=\"0\" cellpadding=\"0\" align=\"center\" cellspacing=\"0\" width=\"600\">\n\n\n<tr>\n\n\n<td width=\"600\"><![endif]--><\/p>\n<table style=\"width: 100%!important; max-width: 600px!important;\" border=\"0\" width=\"100%\" cellspacing=\"0\" cellpadding=\"0\" align=\"center\">\n<tbody>\n<tr>\n<td style=\"text-align: center; background-color: #ffffff; padding: 15px 0px 15px 0px;\" align=\"center\" bgcolor=\"#ffffff\" width=\"100%\">\n<table style=\"width: 100%!important border: 0; border-collapse: collapse;\" border=\"0\" width=\"100%\" cellspacing=\"0\" cellpadding=\"0\" align=\"center\">\n<tbody>\n<tr>\n<td class=\"preheader-link\" style=\"padding: 10px; text-align: center; font-size: 12px; font-family: Helvetica, Arial, sans-serif; font-weight: Normal; color: #999999;\" align=\"center\" valign=\"top\" width=\"50%\">Boletim ApiceON n.\u00ba 02\/2019<\/td>\n<td class=\"preheader-link\" style=\"padding: 10px; text-align: center; font-size: 12px; font-family: Helvetica, Arial, sans-serif; font-weight: Normal; color: #999999;\" align=\"center\" valign=\"top\" width=\"50%\"><a class=\"preheader-view-link\" style=\"font-size: 12px; font-family: Helvetica, Arial, sans-serif; font-weight: Normal; color: #999999; text-decoration: none;\" href=\"http:\/\/portaldeboaspraticas.iff.fiocruz.br\/apice\/wp-content\/uploads\/2019\/05\/BoletimApiceON_02_2019.pdf\" target=\"_blank\" rel=\"noopener\">Vers\u00e3o PDF<\/a>\u00a0 |\u00a0 \u00a0<a class=\"preheader-view-link\" style=\"font-size: 12px; font-family: Helvetica, Arial, sans-serif; font-weight: Normal; color: #999999; text-decoration: none;\" href=\"http:\/\/portaldeboaspraticas.iff.fiocruz.br\/apice\/boletim-apiceon-n-o-02-2019\/\" target=\"_blank\" rel=\"noopener\">Ver Online<\/a><\/td>\n<\/tr>\n<\/tbody>\n<\/table>\n<\/td>\n<\/tr>\n<\/tbody>\n<\/table>\n<p><!-- [if mso]><\/td>\n\n\n<\/tr>\n\n\n<\/table>\n\n\n<![endif]--><\/td>\n<\/tr>\n<\/tbody>\n<\/table>\n<table class=\"tnpc-row tnpc-row-block ui-sortable-handle\" style=\"border-collapse: collapse; width: 100%;\" border=\"0\" width=\"100%\" cellspacing=\"0\" cellpadding=\"0\" align=\"center\" data-id=\"html\">\n<tbody>\n<tr>\n<td class=\"edit-block\" style=\"padding: 0; font-family: Helvetica, Arial, sans-serif;\" align=\"center\" data-options=\"options[html]=%3Ca%20href%3D%22http%3A%2F%2Fportaldeboaspraticas.iff.fiocruz.br%2Fapice%22%20target%3D%22_blank%22%20rel%3D%22noopener%22%3E%3Cimg%20class%3D%22aligncenter%20size-full%20wp-image-2917%22%20src%3D%22http%3A%2F%2Fportaldeboaspraticas.iff.fiocruz.br%2Fwp-content%2Fuploads%2F2018%2F03%2FAPICE.jpg%22%20alt%3D%22%22%20width%3D%22300%22%20height%3D%22114%22%20%2F%3E%3C%2Fa%3E&amp;\"><!-- [if mso]>\n\n\n<table border=\"0\" cellpadding=\"0\" align=\"center\" cellspacing=\"0\" width=\"600\">\n\n\n<tr>\n\n\n<td width=\"600\"><![endif]--><\/p>\n<table style=\"width: 100%!important; max-width: 600px!important;\" border=\"0\" width=\"100%\" cellspacing=\"0\" cellpadding=\"0\" align=\"center\">\n<tbody>\n<tr>\n<td style=\"text-align: center; background-color: #ffffff; padding: 15px 0px 15px 0px;\" align=\"center\" bgcolor=\"#ffffff\" width=\"100%\">\n<table border=\"0\" width=\"100%\" cellspacing=\"0\" cellpadding=\"0\" align=\"center\">\n<tbody>\n<tr>\n<td align=\"center\" valign=\"top\" width=\"100%\"><a href=\"http:\/\/portaldeboaspraticas.iff.fiocruz.br\/apice\" target=\"_blank\" rel=\"noopener\"><img loading=\"lazy\" decoding=\"async\" class=\"aligncenter size-full wp-image-2917\" src=\"http:\/\/portaldeboaspraticas.iff.fiocruz.br\/wp-content\/uploads\/2018\/03\/APICE.jpg\" alt=\"\" width=\"300\" height=\"114\" \/><\/a><\/td>\n<\/tr>\n<\/tbody>\n<\/table>\n<\/td>\n<\/tr>\n<\/tbody>\n<\/table>\n<p><!-- [if mso]><\/td>\n\n\n<\/tr>\n\n\n<\/table>\n\n\n<![endif]--><\/td>\n<\/tr>\n<\/tbody>\n<\/table>\n<table class=\"tnpc-row tnpc-row-block ui-sortable-handle\" style=\"border-collapse: collapse; width: 100%; position: relative; opacity: 1; left: 0px; top: 0px;\" border=\"0\" width=\"100%\" cellspacing=\"0\" cellpadding=\"0\" align=\"center\" data-id=\"content-01-hero.block\">\n<tbody>\n<tr>\n<td class=\"edit-block\" style=\"padding: 0; font-family: Helvetica, Arial, sans-serif;\" align=\"center\" data-options=\"options[layout]=left&amp;options&lt;img src=&quot;&quot; class=&quot; &quot;&gt;[id]=4083&amp;options&lt;img src=&quot;&quot; class=&quot; &quot;&gt;[url]=http%3A%2F%2Fportaldeboaspraticas.iff.fiocruz.br%2Fwp-content%2Fuploads%2F2019%2F05%2FInfogr%C3%A1fico-Classifica%C3%A7%C3%A3o-de-Robson-1_VF-1-e1556846125724.png&amp;options[title]=Infogr%C3%A1fico%3A%20Classifica%C3%A7%C3%A3o%20de%20Robson&amp;options[title_font_family]=Helvetica%2C%20Arial%2C%20sans-serif&amp;options[title_font_size]=18&amp;options[title_font_weight]=Bold&amp;options[title_font_color]=%23910068&amp;options[text]=A%20classifica%C3%A7%C3%A3o%20de%20Robson%20deve%20ser%20adotada%20por%20todos%20os%20hospitais%20para%20auxiliar%20no%20monitoramento%20das%20ces%C3%A1reas%20e%20ajudar%20a%20identificar%20os%20grupos%20de%20mulheres%20que%20devem%20ser%20alvo%20para%20implementa%C3%A7%C3%A3o%20de%20estrat%C3%A9gias%20para%20redu%C3%A7%C3%A3o%20de%20cesarianas.&amp;options[font_family]=Helvetica%2C%20Arial%2C%20sans-serif&amp;options[font_size]=14&amp;options[font_weight]=Normal&amp;options[font_color]=%23333333&amp;options[button_label]=Infogr%C3%A1fico%20completo&amp;options[url]=http%3A%2F%2Fportaldeboaspraticas.iff.fiocruz.br%2Fapice%2Fclassificacao-de-robson-e-tema-do-apiceon%2F&amp;options[button_background]=%23910068&amp;options[button_color]=%23ffffff&amp;options[block_background]=%23ffffff&amp;\"><!-- [if mso]>\n\n\n<table border=\"0\" cellpadding=\"0\" align=\"center\" cellspacing=\"0\" width=\"600\">\n\n\n<tr>\n\n\n<td width=\"600\"><![endif]--><\/p>\n<table style=\"width: 100%!important; max-width: 600px!important;\" border=\"0\" width=\"100%\" cellspacing=\"0\" cellpadding=\"0\" align=\"center\">\n<tbody>\n<tr>\n<td style=\"text-align: center; background-color: #ffffff; padding: 20px 0px 20px 0px;\" align=\"center\" bgcolor=\"#ffffff\" width=\"100%\">\n<table class=\"hero-table\" width=\"290\" align=\"left\">\n<tbody>\n<tr>\n<td align=\"center\" valign=\"top\"><img decoding=\"async\" class=\"img-max\" style=\"max-width: 100%!important; height: auto!important; display: block;\" src=\"http:\/\/portaldeboaspraticas.iff.fiocruz.br\/wp-content\/newsletter\/thumbnails\/2019\/05\/Infogr\u00e1fico-Classifica\u00e7\u00e3o-de-Robson-1_VF-1-e1556846125724-300x200-c.png\" alt=\"\" border=\"0\" \/><\/td>\n<\/tr>\n<\/tbody>\n<\/table>\n<table class=\"hero-table hero-table-right\" width=\"290\" align=\"right\">\n<tbody>\n<tr>\n<td>\n<table border=\"0\" width=\"100%\" cellspacing=\"0\" cellpadding=\"0\">\n<tbody>\n<tr>\n<td style=\"font-size: 18px; color: #333333; padding-top: 0; font-family: Helvetica, Arial, sans-serif; font-weight: Bold;\" align=\"center\">Infogr\u00e1fico: Classifica\u00e7\u00e3o de Robson<\/td>\n<\/tr>\n<tr>\n<td style=\"padding: 20px 0 0 0; font-size: 14px; line-height: 150%; color: #666666; font-family: Helvetica, Arial, sans-serif; font-weight: Normal;\" align=\"center\">A classifica\u00e7\u00e3o de Robson deve ser adotada por todos os hospitais para auxiliar no monitoramento das ces\u00e1reas e ajudar a identificar os grupos de mulheres que devem ser alvo para implementa\u00e7\u00e3o de estrat\u00e9gias para redu\u00e7\u00e3o de cesarianas.<\/td>\n<\/tr>\n<\/tbody>\n<\/table>\n<p>&nbsp;<\/p>\n<table style=\"background-color: #910068; \/*border: 1px solid #353535; *\/ border-radius: 5px;\" border=\"0\" cellspacing=\"0\" cellpadding=\"0\" align=\"center\">\n<tbody>\n<tr>\n<td style=\"color: #ffffff; font-family: Helvetica, Arial, sans-serif; font-size: 14px; font-weight: bold; letter-spacing: -.5px; line-height: 150%; padding: 10px 30px 10px 30px;\" align=\"center\" valign=\"middle\"><a style=\"color: #ffffff; text-decoration: none;\" href=\"http:\/\/portaldeboaspraticas.iff.fiocruz.br\/apice\/classificacao-de-robson-e-tema-do-apiceon\/\" target=\"_blank\" rel=\"noopener\">Infogr\u00e1fico completo<\/a><\/td>\n<\/tr>\n<\/tbody>\n<\/table>\n<\/td>\n<\/tr>\n<\/tbody>\n<\/table>\n<\/td>\n<\/tr>\n<\/tbody>\n<\/table>\n<p><!-- [if mso]><\/td>\n\n\n<\/tr>\n\n\n<\/table>\n\n\n<![endif]--><\/td>\n<\/tr>\n<\/tbody>\n<\/table>\n<table class=\"tnpc-row tnpc-row-block ui-sortable-handle\" style=\"border-collapse: collapse; width: 100%;\" border=\"0\" width=\"100%\" cellspacing=\"0\" cellpadding=\"0\" align=\"center\" data-id=\"separator\">\n<tbody>\n<tr>\n<td class=\"edit-block\" style=\"padding: 0; font-family: Helvetica, Arial, sans-serif;\" align=\"center\" data-options=\"options[color]=%23910068&amp;options[height]=1&amp;\"><!-- [if mso]>\n\n\n<table border=\"0\" cellpadding=\"0\" align=\"center\" cellspacing=\"0\" width=\"600\">\n\n\n<tr>\n\n\n<td width=\"600\"><![endif]--><\/p>\n<table style=\"width: 100%!important; max-width: 600px!important;\" border=\"0\" width=\"100%\" cellspacing=\"0\" cellpadding=\"0\" align=\"center\">\n<tbody>\n<tr>\n<td style=\"text-align: center; background-color: #ffffff; padding: 15px 0px 15px 0px;\" align=\"center\" bgcolor=\"#ffffff\" width=\"100%\">\n<table border=\"0\" width=\"100%\" cellspacing=\"0\" cellpadding=\"0\" align=\"center\">\n<tbody>\n<tr>\n<td style=\"border-bottom: 1px solid #910068;\"><\/td>\n<\/tr>\n<\/tbody>\n<\/table>\n<\/td>\n<\/tr>\n<\/tbody>\n<\/table>\n<p><!-- [if mso]><\/td>\n\n\n<\/tr>\n\n\n<\/table>\n\n\n<![endif]--><\/td>\n<\/tr>\n<\/tbody>\n<\/table>\n<table class=\"tnpc-row tnpc-row-block ui-sortable-handle\" style=\"border-collapse: collapse; width: 100%;\" border=\"0\" width=\"100%\" cellspacing=\"0\" cellpadding=\"0\" align=\"center\" data-id=\"hero\">\n<tbody>\n<tr>\n<td class=\"edit-block\" style=\"padding: 0; font-family: Helvetica, Arial, sans-serif;\" align=\"center\" data-options=\"options[layout]=full&amp;options&lt;img src=&quot;&quot; class=&quot; &quot;&gt;[id]=0&amp;options&lt;img src=&quot;&quot; class=&quot; &quot;&gt;[url]=&amp;options[title]=Como%20n%C3%A3o%20fazermos%20%E2%80%9Cmais%20do%20mesmo%E2%80%9D%3F&amp;options[title_font_family]=Helvetica%2C%20Arial%2C%20sans-serif&amp;options[title_font_size]=20&amp;options[title_font_weight]=Bold&amp;options[title_font_color]=%23910068&amp;options[text]=O%20texto%20chama%20a%20aten%C3%A7%C3%A3o%20pelo%20seu%20t%C3%ADtulo.%20N%C3%A3o%20s%C3%B3%20pela%20pergunta%20%E2%80%9Ccomo%20n%C3%A3o%20fazermos%20mais%20do%20mesmo%3F%E2%80%9D%2C%20mas%20tamb%C3%A9m%20pelas%20palavras%20%E2%80%9Cescolha%E2%80%9D%2C%20%E2%80%9Cinovarmos%E2%80%9D%2C%20%E2%80%9Ccuidado%E2%80%9D%2C%20%E2%80%9Cpr%C3%A1ticas%E2%80%9D%20e%20%E2%80%9Cconhecimento%E2%80%9D.%20S%C3%A3o%20palavras%20intr%C3%ADnsecas%20ao%20pr%C3%B3prio%20nome%20do%20projeto%3A%20Aprimoramento%20e%20Inova%C3%A7%C3%A3o%20no%20Cuidado%20e%20no%20Ensino%20em%20Obstetr%C3%ADcia%20e%20Neonatologia.%20Engana-se%20entretanto%2C%20quem%20acha%20que%20ele%20dar%C3%A1%20alguma%20resposta.%20A%20proposta%20%C3%A9%20justamente%20outra%3A%20indagar%20e%20deixar%20espa%C3%A7os%20abertos%20para%20novas%20produ%C3%A7%C3%B5es.%20Mas%2C%20como%20o%20pr%C3%B3prio%20autor%20diz%20%E2%80%9Cexperimentar%20novas%20formas%20de%20pensamento%20nem%20sempre%20%C3%A9%20tarefa%20f%C3%A1cil%E2%80%9D.%20A%20come%C3%A7ar%2C%20por%20abandonar%20nossas%20%E2%80%9Cquimeras%E2%80%9D.&amp;options[font_family]=Helvetica%2C%20Arial%2C%20sans-serif&amp;options[font_size]=14&amp;options[font_weight]=Normal&amp;options[font_color]=%23333333&amp;options[button_label]=Artigo%20e%20coment%C3%A1rios%20completos&amp;options[url]=http%3A%2F%2Fportaldeboaspraticas.iff.fiocruz.br%2Fapice%2Fescolhas-para-inovarmos-na-producao-do-cuidado-das-praticas-e-do-conhecimento-como-nao-fazermos-mais-do-mesmo%2F&amp;options[button_background]=%23910068&amp;options[button_color]=%23ffffff&amp;options[block_background]=%23ffffff&amp;\"><!-- [if mso]>\n\n\n<table border=\"0\" cellpadding=\"0\" align=\"center\" cellspacing=\"0\" width=\"600\">\n\n\n<tr>\n\n\n<td width=\"600\"><![endif]--><\/p>\n<table style=\"width: 100%!important; max-width: 600px!important;\" border=\"0\" width=\"100%\" cellspacing=\"0\" cellpadding=\"0\" align=\"center\">\n<tbody>\n<tr>\n<td style=\"text-align: center; background-color: #ffffff; padding: 20px 0px 20px 0px;\" align=\"center\" bgcolor=\"#ffffff\" width=\"100%\"><!-- HERO IMAGE --><\/p>\n<table border=\"0\" width=\"100%\" cellspacing=\"0\" cellpadding=\"0\">\n<tbody>\n<tr>\n<td class=\"padding-copy tnpc-row-edit\"><a href=\"http:\/\/portaldeboaspraticas.iff.fiocruz.br\/apice\/escolhas-para-inovarmos-na-producao-do-cuidado-das-praticas-e-do-conhecimento-como-nao-fazermos-mais-do-mesmo\/\" target=\"_blank\" rel=\"noopener nofollow\"><br \/>\n<\/a><\/td>\n<\/tr>\n<tr>\n<td><!-- COPY --><\/p>\n<table border=\"0\" width=\"100%\" cellspacing=\"0\" cellpadding=\"0\">\n<tbody>\n<tr>\n<td style=\"font-size: 20px; color: #910068; padding-top: 30px; font-family: Helvetica, Arial, sans-serif; font-weight: Bold;\" align=\"center\">Como n\u00e3o fazermos \u201cmais do mesmo\u201d?<\/td>\n<\/tr>\n<tr>\n<td style=\"padding: 20px 0 0 0; font-size: 14px; line-height: 150%; color: #333333; font-family: Helvetica, Arial, sans-serif;\" align=\"center\">O texto chama a aten\u00e7\u00e3o pelo seu t\u00edtulo. N\u00e3o s\u00f3 pela pergunta \u201ccomo n\u00e3o fazermos mais do mesmo?\u201d, mas tamb\u00e9m pelas palavras \u201cescolha\u201d, \u201cinovarmos\u201d, \u201ccuidado\u201d, \u201cpr\u00e1ticas\u201d e \u201cconhecimento\u201d. S\u00e3o palavras intr\u00ednsecas ao pr\u00f3prio nome do projeto: Aprimoramento e Inova\u00e7\u00e3o no Cuidado e no Ensino em Obstetr\u00edcia e Neonatologia. Engana-se entretanto, quem acha que ele dar\u00e1 alguma resposta. A proposta \u00e9 justamente outra: indagar e deixar espa\u00e7os abertos para novas produ\u00e7\u00f5es. Mas, como o pr\u00f3prio autor diz \u201cexperimentar novas formas de pensamento nem sempre \u00e9 tarefa f\u00e1cil\u201d. A come\u00e7ar, por abandonar nossas \u201cquimeras\u201d.<\/p>\n<p>&nbsp;<\/td>\n<\/tr>\n<tr>\n<td align=\"center\">\n<table style=\"background-color: #910068; \/*border: 1px solid #353535; *\/ border-radius: 5px;\" border=\"0\" cellspacing=\"0\" cellpadding=\"0\" align=\"center\">\n<tbody>\n<tr>\n<td style=\"color: #ffffff; font-family: Helvetica, Arial, sans-serif; font-size: 16px; font-weight: bold; letter-spacing: -.5px; line-height: 150%; padding: 15px 30px 15px 30px;\" align=\"center\" valign=\"middle\"><a style=\"color: #ffffff; text-decoration: none;\" href=\"http:\/\/portaldeboaspraticas.iff.fiocruz.br\/apice\/escolhas-para-inovarmos-na-producao-do-cuidado-das-praticas-e-do-conhecimento-como-nao-fazermos-mais-do-mesmo\/\" target=\"_blank\" rel=\"noopener\">Artigo e coment\u00e1rios completos<\/a><\/td>\n<\/tr>\n<\/tbody>\n<\/table>\n<\/td>\n<\/tr>\n<\/tbody>\n<\/table>\n<\/td>\n<\/tr>\n<\/tbody>\n<\/table>\n<\/td>\n<\/tr>\n<\/tbody>\n<\/table>\n<p><!-- [if mso]><\/td>\n\n\n<\/tr>\n\n\n<\/table>\n\n\n<![endif]--><\/td>\n<\/tr>\n<\/tbody>\n<\/table>\n<table class=\"tnpc-row tnpc-row-block ui-sortable-handle\" style=\"border-collapse: collapse; width: 100%;\" border=\"0\" width=\"100%\" cellspacing=\"0\" cellpadding=\"0\" align=\"center\" data-id=\"separator\">\n<tbody>\n<tr>\n<td class=\"edit-block\" style=\"padding: 0; font-family: Helvetica, Arial, sans-serif;\" align=\"center\" data-options=\"options[color]=%23910068&amp;options[height]=1&amp;\"><!-- [if mso]>\n\n\n<table border=\"0\" cellpadding=\"0\" align=\"center\" cellspacing=\"0\" width=\"600\">\n\n\n<tr>\n\n\n<td width=\"600\"><![endif]--><\/p>\n<table style=\"width: 100%!important; max-width: 600px!important;\" border=\"0\" width=\"100%\" cellspacing=\"0\" cellpadding=\"0\" align=\"center\">\n<tbody>\n<tr>\n<td style=\"text-align: center; background-color: #ffffff; padding: 15px 0px 15px 0px;\" align=\"center\" bgcolor=\"#ffffff\" width=\"100%\">\n<table border=\"0\" width=\"100%\" cellspacing=\"0\" cellpadding=\"0\" align=\"center\">\n<tbody>\n<tr>\n<td style=\"border-bottom: 1px solid #910068;\"><\/td>\n<\/tr>\n<\/tbody>\n<\/table>\n<\/td>\n<\/tr>\n<\/tbody>\n<\/table>\n<p><!-- [if mso]><\/td>\n\n\n<\/tr>\n\n\n<\/table>\n\n\n<![endif]--><\/td>\n<\/tr>\n<\/tbody>\n<\/table>\n<table class=\"tnpc-row tnpc-row-block ui-sortable-handle\" style=\"border-collapse: collapse; width: 100%;\" border=\"0\" width=\"100%\" cellspacing=\"0\" cellpadding=\"0\" align=\"center\" data-id=\"hero\">\n<tbody>\n<tr>\n<td class=\"edit-block\" style=\"padding: 0; font-family: Helvetica, Arial, sans-serif;\" align=\"center\" data-options=\"options[layout]=left&amp;options&lt;img src=&quot;&quot; class=&quot; &quot;&gt;[id]=4091&amp;options&lt;img src=&quot;&quot; class=&quot; &quot;&gt;[url]=http%3A%2F%2Fportaldeboaspraticas.iff.fiocruz.br%2Fwp-content%2Fuploads%2F2019%2F05%2FSeminarioLocal_RO_PortoVelho-e1556914208689.jpg&amp;options[title]=Norte%3A%20Maternidade%20M%C3%A3e%20Esperan%C3%A7a%20e%20Hospital%20Dr.%20Ary%20Pinheiro%20promovem%20Semin%C3%A1rio%20ApiceON&amp;options[title_font_family]=Helvetica%2C%20Arial%2C%20sans-serif&amp;options[title_font_size]=18&amp;options[title_font_weight]=Bold&amp;options[title_font_color]=%23910068&amp;options[text]=Nos%20dias%2023%20e%2024%20de%20abril%2C%20em%20Porto%20Velho%20(RO)%2C%20aconteceu%20o%201%C2%B0%20Semin%C3%A1rio%20Local%20ApiceON%20promovido%20pela%20Maternidade%20Municipal%20M%C3%A3e%20Esperan%C3%A7a%20e%20pelo%20Hospital%20de%20Base%20Dr.%20Ary%20Pinheiro%20(HBAP).&amp;options[font_family]=Helvetica%2C%20Arial%2C%20sans-serif&amp;options[font_size]=12&amp;options[font_weight]=Normal&amp;options[font_color]=%23333333&amp;options[button_label]=Not%C3%ADcia%20completa&amp;options[url]=http%3A%2F%2Fportaldeboaspraticas.iff.fiocruz.br%2Fapice%2Fporto-velho-ro-recebe-i-seminario-local-apiceon%2F&amp;options[button_background]=%23910068&amp;options[button_color]=%23ffffff&amp;options[block_background]=%23ffffff&amp;\"><!-- [if mso]>\n\n\n<table border=\"0\" cellpadding=\"0\" align=\"center\" cellspacing=\"0\" width=\"600\">\n\n\n<tr>\n\n\n<td width=\"600\"><![endif]--><\/p>\n<table style=\"width: 100%!important; max-width: 600px!important;\" border=\"0\" width=\"100%\" cellspacing=\"0\" cellpadding=\"0\" align=\"center\">\n<tbody>\n<tr>\n<td style=\"text-align: center; background-color: #ffffff; padding: 20px 0px 20px 0px;\" align=\"center\" bgcolor=\"#ffffff\" width=\"100%\">\n<table class=\"hero-table\" width=\"290\" align=\"left\">\n<tbody>\n<tr>\n<td align=\"center\" valign=\"top\"><img decoding=\"async\" class=\"img-max\" style=\"max-width: 100%!important; height: auto!important; display: block;\" src=\"http:\/\/portaldeboaspraticas.iff.fiocruz.br\/wp-content\/newsletter\/thumbnails\/2019\/05\/SeminarioLocal_RO_PortoVelho-e1556914208689-300x200-c.jpg\" alt=\"\" border=\"0\" \/><\/td>\n<\/tr>\n<\/tbody>\n<\/table>\n<table class=\"hero-table hero-table-right\" width=\"290\" align=\"right\">\n<tbody>\n<tr>\n<td>\n<table border=\"0\" width=\"100%\" cellspacing=\"0\" cellpadding=\"0\">\n<tbody>\n<tr>\n<td style=\"font-size: 18px; color: #333333; padding-top: 0; font-family: Helvetica, Arial, sans-serif; font-weight: Bold;\" align=\"center\">Norte: Maternidade M\u00e3e Esperan\u00e7a e Hospital Dr. Ary Pinheiro promovem Semin\u00e1rio ApiceON<\/td>\n<\/tr>\n<tr>\n<td style=\"padding: 20px 0 0 0; font-size: 12px; line-height: 150%; color: #666666; font-family: Helvetica, Arial, sans-serif; font-weight: Normal;\" align=\"center\">Nos dias 23 e 24 de abril, em Porto Velho (RO), aconteceu o 1\u00b0 Semin\u00e1rio Local ApiceON promovido pela Maternidade Municipal M\u00e3e Esperan\u00e7a e pelo Hospital de Base Dr. Ary Pinheiro (HBAP).<\/td>\n<\/tr>\n<\/tbody>\n<\/table>\n<p>&nbsp;<\/p>\n<table style=\"background-color: #910068; \/*border: 1px solid #353535; *\/ border-radius: 5px;\" border=\"0\" cellspacing=\"0\" cellpadding=\"0\" align=\"center\">\n<tbody>\n<tr>\n<td style=\"color: #ffffff; font-family: Helvetica, Arial, sans-serif; font-size: 12px; font-weight: bold; letter-spacing: -.5px; line-height: 150%; padding: 10px 30px 10px 30px;\" align=\"center\" valign=\"middle\"><a style=\"color: #ffffff; text-decoration: none;\" href=\"http:\/\/portaldeboaspraticas.iff.fiocruz.br\/apice\/porto-velho-ro-recebe-i-seminario-local-apiceon\/\" target=\"_blank\" rel=\"noopener\">Not\u00edcia completa<\/a><\/td>\n<\/tr>\n<\/tbody>\n<\/table>\n<\/td>\n<\/tr>\n<\/tbody>\n<\/table>\n<\/td>\n<\/tr>\n<\/tbody>\n<\/table>\n<p><!-- [if mso]><\/td>\n\n\n<\/tr>\n\n\n<\/table>\n\n\n<![endif]--><\/td>\n<\/tr>\n<\/tbody>\n<\/table>\n<table class=\"tnpc-row tnpc-row-block ui-sortable-handle\" style=\"border-collapse: collapse; width: 100%;\" border=\"0\" width=\"100%\" cellspacing=\"0\" cellpadding=\"0\" align=\"center\" data-id=\"hero\">\n<tbody>\n<tr>\n<td class=\"edit-block\" style=\"padding: 0; font-family: Helvetica, Arial, sans-serif;\" align=\"center\" data-options=\"options[layout]=left&amp;options&lt;img src=&quot;&quot; class=&quot; &quot;&gt;[id]=4093&amp;options&lt;img src=&quot;&quot; class=&quot; &quot;&gt;[url]=http%3A%2F%2Fportaldeboaspraticas.iff.fiocruz.br%2Fwp-content%2Fuploads%2F2019%2F05%2FCasa_M%C3%A3e_BB_Joao_Pessoa-1-e1556983673925.jpg&amp;options[title]=Nordeste%3A%20Instituto%20C%C3%A2ndida%20Vargas%20inaugura%20Casa%20M%C3%A3e%20Beb%C3%AA&amp;options[title_font_family]=Helvetica%2C%20Arial%2C%20sans-serif&amp;options[title_font_size]=18&amp;options[title_font_weight]=Bold&amp;options[title_font_color]=%23910068&amp;options[text]=%22Casa%20M%C3%A3e%20Beb%C3%AA%20Dr.%C2%AA%20Maria%20do%20Socorro%20Ramalho%E2%80%9D%20objetiva%20atender%20%C3%A0s%20necessidades%20de%20mulheres%20gestantes%20e%20pu%C3%A9rperas%20e%20garantir%20o%20direito%20da%20mulher%20e%20da%20crian%C3%A7a%20%C3%A0%20sa%C3%BAde%20na%20sua%20longitudinalidade.&amp;options[font_family]=Helvetica%2C%20Arial%2C%20sans-serif&amp;options[font_size]=12&amp;options[font_weight]=Normal&amp;options[font_color]=%23333333&amp;options[button_label]=Not%C3%ADcia%20completa&amp;options[url]=http%3A%2F%2Fportaldeboaspraticas.iff.fiocruz.br%2Fapice%2Finstituto-candida-vargas-inaugura-casa-mae-bebe-dra-maria-do-socorro-ramalho%2F&amp;options[button_background]=%23910068&amp;options[button_color]=%23ffffff&amp;options[block_background]=%23ffffff&amp;\"><!-- [if mso]>\n\n\n<table border=\"0\" cellpadding=\"0\" align=\"center\" cellspacing=\"0\" width=\"600\">\n\n\n<tr>\n\n\n<td width=\"600\"><![endif]--><\/p>\n<table style=\"width: 100%!important; max-width: 600px!important;\" border=\"0\" width=\"100%\" cellspacing=\"0\" cellpadding=\"0\" align=\"center\">\n<tbody>\n<tr>\n<td style=\"text-align: center; background-color: #ffffff; padding: 20px 0px 20px 0px;\" align=\"center\" bgcolor=\"#ffffff\" width=\"100%\">\n<table class=\"hero-table\" width=\"290\" align=\"left\">\n<tbody>\n<tr>\n<td align=\"center\" valign=\"top\"><img decoding=\"async\" class=\"img-max\" style=\"max-width: 100%!important; height: auto!important; display: block;\" src=\"http:\/\/portaldeboaspraticas.iff.fiocruz.br\/wp-content\/newsletter\/thumbnails\/2019\/05\/Casa_M\u00e3e_BB_Joao_Pessoa-1-e1556983673925-300x200-c.jpg\" alt=\"\" border=\"0\" \/><\/td>\n<\/tr>\n<\/tbody>\n<\/table>\n<table class=\"hero-table hero-table-right\" width=\"290\" align=\"right\">\n<tbody>\n<tr>\n<td>\n<table border=\"0\" width=\"100%\" cellspacing=\"0\" cellpadding=\"0\">\n<tbody>\n<tr>\n<td style=\"font-size: 18px; color: #333333; padding-top: 0; font-family: Helvetica, Arial, sans-serif; font-weight: Bold;\" align=\"center\">Nordeste: Instituto C\u00e2ndida Vargas inaugura Casa M\u00e3e Beb\u00ea<\/td>\n<\/tr>\n<tr>\n<td style=\"padding: 20px 0 0 0; font-size: 12px; line-height: 150%; color: #666666; font-family: Helvetica, Arial, sans-serif; font-weight: Normal;\" align=\"center\">&#8220;Casa M\u00e3e Beb\u00ea Dr.\u00aa Maria do Socorro Ramalho\u201d objetiva atender \u00e0s necessidades de mulheres gestantes e pu\u00e9rperas e garantir o direito da mulher e da crian\u00e7a \u00e0 sa\u00fade na sua longitudinalidade.<\/td>\n<\/tr>\n<\/tbody>\n<\/table>\n<p>&nbsp;<\/p>\n<table style=\"background-color: #910068; \/*border: 1px solid #353535; *\/ border-radius: 5px;\" border=\"0\" cellspacing=\"0\" cellpadding=\"0\" align=\"center\">\n<tbody>\n<tr>\n<td style=\"color: #ffffff; font-family: Helvetica, Arial, sans-serif; font-size: 12px; font-weight: bold; letter-spacing: -.5px; line-height: 150%; padding: 10px 30px 10px 30px;\" align=\"center\" valign=\"middle\"><a style=\"color: #ffffff; text-decoration: none;\" href=\"http:\/\/portaldeboaspraticas.iff.fiocruz.br\/apice\/instituto-candida-vargas-inaugura-casa-mae-bebe-dra-maria-do-socorro-ramalho\/\" target=\"_blank\" rel=\"noopener\">Not\u00edcia completa<\/a><\/td>\n<\/tr>\n<\/tbody>\n<\/table>\n<\/td>\n<\/tr>\n<\/tbody>\n<\/table>\n<\/td>\n<\/tr>\n<\/tbody>\n<\/table>\n<p><!-- [if mso]><\/td>\n\n\n<\/tr>\n\n\n<\/table>\n\n\n<![endif]--><\/td>\n<\/tr>\n<\/tbody>\n<\/table>\n<table class=\"tnpc-row tnpc-row-block ui-sortable-handle\" style=\"border-collapse: collapse; width: 100%; position: relative; opacity: 1; left: 0px; top: 0px;\" border=\"0\" width=\"100%\" cellspacing=\"0\" cellpadding=\"0\" align=\"center\" data-id=\"hero\">\n<tbody>\n<tr>\n<td class=\"edit-block\" style=\"padding: 0; font-family: Helvetica, Arial, sans-serif;\" align=\"center\" data-options=\"options[layout]=left&amp;options&lt;img src=&quot;&quot; class=&quot; &quot;&gt;[id]=4095&amp;options&lt;img src=&quot;&quot; class=&quot; &quot;&gt;[url]=http%3A%2F%2Fportaldeboaspraticas.iff.fiocruz.br%2Fwp-content%2Fuploads%2F2019%2F05%2FProtocolos_HU_UFGD-e1556994473146.jpg&amp;options[title]=Centro-Oeste%3A%20Protocolos%20para%20Mulheres%20em%20Situa%C3%A7%C3%A3o%20de%20Vulnerabilidade&amp;options[title_font_family]=Helvetica%2C%20Arial%2C%20sans-serif&amp;options[title_font_size]=18&amp;options[title_font_weight]=Bold&amp;options[title_font_color]=%23333333&amp;options[text]=Hospital%20Universit%C3%A1rio%20da%20Grande%20Dourados%2C%20em%20Mato%20Grosso%20do%20Sul%2C%20divulgou%20protocolos%20do%20servi%C3%A7o%20social%20para%20atendimento%20de%20mulheres%20em%20situa%C3%A7%C3%A3o%20de%20vulnerabilidade.&amp;options[font_family]=Helvetica%2C%20Arial%2C%20sans-serif&amp;options[font_size]=12&amp;options[font_weight]=Normal&amp;options[font_color]=%23333333&amp;options[button_label]=Not%C3%ADcia%20completa&amp;options[url]=http%3A%2F%2Fportaldeboaspraticas.iff.fiocruz.br%2Fapice%2Fhospital-universitario-da-grande-dourados-divulga-protocolos-para-mulheres-em-situacao-de-vulnerabilidade%2F&amp;options[button_background]=%23910068&amp;options[button_color]=%23ffffff&amp;options[block_background]=%23ffffff&amp;\"><!-- [if mso]>\n\n\n<table border=\"0\" cellpadding=\"0\" align=\"center\" cellspacing=\"0\" width=\"600\">\n\n\n<tr>\n\n\n<td width=\"600\"><![endif]--><\/p>\n<table style=\"width: 100%!important; max-width: 600px!important;\" border=\"0\" width=\"100%\" cellspacing=\"0\" cellpadding=\"0\" align=\"center\">\n<tbody>\n<tr>\n<td style=\"text-align: center; background-color: #ffffff; padding: 20px 0px 20px 0px;\" align=\"center\" bgcolor=\"#ffffff\" width=\"100%\">\n<table class=\"hero-table\" width=\"290\" align=\"left\">\n<tbody>\n<tr>\n<td align=\"center\" valign=\"top\"><img decoding=\"async\" class=\"img-max\" style=\"max-width: 100%!important; height: auto!important; display: block;\" src=\"http:\/\/portaldeboaspraticas.iff.fiocruz.br\/wp-content\/newsletter\/thumbnails\/2019\/05\/Protocolos_HU_UFGD-e1556994473146-300x200-c.jpg\" alt=\"\" border=\"0\" \/><\/td>\n<\/tr>\n<\/tbody>\n<\/table>\n<table class=\"hero-table hero-table-right\" width=\"290\" align=\"right\">\n<tbody>\n<tr>\n<td>\n<table border=\"0\" width=\"100%\" cellspacing=\"0\" cellpadding=\"0\">\n<tbody>\n<tr>\n<td style=\"font-size: 18px; color: #333333; padding-top: 0; font-family: Helvetica, Arial, sans-serif; font-weight: Bold;\" align=\"center\">Centro-Oeste: Protocolos para Mulheres em Situa\u00e7\u00e3o de Vulnerabilidade<\/td>\n<\/tr>\n<tr>\n<td style=\"padding: 20px 0 0 0; font-size: 12px; line-height: 150%; color: #666666; font-family: Helvetica, Arial, sans-serif; font-weight: Normal;\" align=\"center\">Hospital Universit\u00e1rio da Grande Dourados, em Mato Grosso do Sul, divulgou protocolos do servi\u00e7o social para atendimento de mulheres em situa\u00e7\u00e3o de vulnerabilidade.<\/td>\n<\/tr>\n<\/tbody>\n<\/table>\n<p>&nbsp;<\/p>\n<table style=\"background-color: #910068; \/*border: 1px solid #353535; *\/ border-radius: 5px;\" border=\"0\" cellspacing=\"0\" cellpadding=\"0\" align=\"center\">\n<tbody>\n<tr>\n<td style=\"color: #ffffff; font-family: Helvetica, Arial, sans-serif; font-size: 12px; font-weight: bold; letter-spacing: -.5px; line-height: 150%; padding: 10px 30px 10px 30px;\" align=\"center\" valign=\"middle\"><a style=\"color: #ffffff; text-decoration: none;\" href=\"http:\/\/portaldeboaspraticas.iff.fiocruz.br\/apice\/hospital-universitario-da-grande-dourados-divulga-protocolos-para-mulheres-em-situacao-de-vulnerabilidade\/\" target=\"_blank\" rel=\"noopener\">Not\u00edcia completa<\/a><\/td>\n<\/tr>\n<\/tbody>\n<\/table>\n<\/td>\n<\/tr>\n<\/tbody>\n<\/table>\n<\/td>\n<\/tr>\n<\/tbody>\n<\/table>\n<p><!-- [if mso]><\/td>\n\n\n<\/tr>\n\n\n<\/table>\n\n\n<![endif]--><\/td>\n<\/tr>\n<\/tbody>\n<\/table>\n<table class=\"tnpc-row tnpc-row-block ui-sortable-handle\" style=\"border-collapse: collapse; width: 100%;\" border=\"0\" width=\"100%\" cellspacing=\"0\" cellpadding=\"0\" align=\"center\" data-id=\"hero\">\n<tbody>\n<tr>\n<td class=\"edit-block\" style=\"padding: 0; font-family: Helvetica, Arial, sans-serif;\" align=\"center\" data-options=\"options[layout]=left&amp;options&lt;img src=&quot;&quot; class=&quot; &quot;&gt;[id]=4094&amp;options&lt;img src=&quot;&quot; class=&quot; &quot;&gt;[url]=http%3A%2F%2Fportaldeboaspraticas.iff.fiocruz.br%2Fwp-content%2Fuploads%2F2019%2F05%2FMiguelRiet_Ambulatorio_ViolenciaSexual-1-e1556991536411.jpeg&amp;options[title]=Sul%3A%20estrutura%C3%A7%C3%A3o%20de%20Ambulat%C3%B3rio%20para%20V%C3%ADtimas%20de%20Viol%C3%AAncia%20Sexual%20&amp;options[title_font_family]=Helvetica%2C%20Arial%2C%20sans-serif&amp;options[title_font_size]=18&amp;options[title_font_weight]=Bold&amp;options[title_font_color]=%23333333&amp;options[text]=Hospital%20Dr.%20Miguel%20Riet%20Corr%C3%AAa%20Jr.%2C%20em%20parceria%20com%20a%20SES%20do%20Rio%20Grande%20do%20Sul%2C%20organizou%20e%20pactuou%20ser%20a%20refer%C3%AAncia%20para%20atendimento%20%C3%A0%20mulheres%20em%20situa%C3%A7%C3%A3o%20de%20viol%C3%AAncia.&amp;options[font_family]=Helvetica%2C%20Arial%2C%20sans-serif&amp;options[font_size]=12&amp;options[font_weight]=Normal&amp;options[font_color]=%23333333&amp;options[button_label]=Not%C3%ADcia%20completa&amp;options[url]=http%3A%2F%2Fportaldeboaspraticas.iff.fiocruz.br%2Fapice%2Frio-grande-do-sul-recebera-ambulatorio-para-vitimas-de-violencia-sexual%2F&amp;options[button_background]=%23910068&amp;options[button_color]=%23ffffff&amp;options[block_background]=%23ffffff&amp;\"><!-- [if mso]>\n\n\n<table border=\"0\" cellpadding=\"0\" align=\"center\" cellspacing=\"0\" width=\"600\">\n\n\n<tr>\n\n\n<td width=\"600\"><![endif]--><\/p>\n<table style=\"width: 100%!important; max-width: 600px!important;\" border=\"0\" width=\"100%\" cellspacing=\"0\" cellpadding=\"0\" align=\"center\">\n<tbody>\n<tr>\n<td style=\"text-align: center; background-color: #ffffff; padding: 20px 0px 20px 0px;\" align=\"center\" bgcolor=\"#ffffff\" width=\"100%\">\n<table class=\"hero-table\" width=\"290\" align=\"left\">\n<tbody>\n<tr>\n<td align=\"center\" valign=\"top\"><img decoding=\"async\" class=\"img-max\" style=\"max-width: 100%!important; height: auto!important; display: block;\" src=\"http:\/\/portaldeboaspraticas.iff.fiocruz.br\/wp-content\/newsletter\/thumbnails\/2019\/05\/MiguelRiet_Ambulatorio_ViolenciaSexual-1-e1556991536411-300x200-c.jpeg\" alt=\"\" border=\"0\" \/><\/td>\n<\/tr>\n<\/tbody>\n<\/table>\n<table class=\"hero-table hero-table-right\" width=\"290\" align=\"right\">\n<tbody>\n<tr>\n<td>\n<table border=\"0\" width=\"100%\" cellspacing=\"0\" cellpadding=\"0\">\n<tbody>\n<tr>\n<td style=\"font-size: 18px; color: #333333; padding-top: 0; font-family: Helvetica, Arial, sans-serif; font-weight: Bold;\" align=\"center\">Sul: estrutura\u00e7\u00e3o de Ambulat\u00f3rio para V\u00edtimas de Viol\u00eancia Sexual<\/td>\n<\/tr>\n<tr>\n<td style=\"padding: 20px 0 0 0; font-size: 12px; line-height: 150%; color: #666666; font-family: Helvetica, Arial, sans-serif; font-weight: Normal;\" align=\"center\">Hospital Dr. Miguel Riet Corr\u00eaa Jr., em parceria com a SES do Rio Grande do Sul, organizou e pactuou ser a refer\u00eancia para atendimento \u00e0 mulheres em situa\u00e7\u00e3o de viol\u00eancia.<\/td>\n<\/tr>\n<\/tbody>\n<\/table>\n<p>&nbsp;<\/p>\n<table style=\"background-color: #910068; \/*border: 1px solid #353535; *\/ border-radius: 5px;\" border=\"0\" cellspacing=\"0\" cellpadding=\"0\" align=\"center\">\n<tbody>\n<tr>\n<td style=\"color: #ffffff; font-family: Helvetica, Arial, sans-serif; font-size: 12px; font-weight: bold; letter-spacing: -.5px; line-height: 150%; padding: 10px 30px 10px 30px;\" align=\"center\" valign=\"middle\"><a style=\"color: #ffffff; text-decoration: none;\" href=\"http:\/\/portaldeboaspraticas.iff.fiocruz.br\/apice\/rio-grande-do-sul-recebera-ambulatorio-para-vitimas-de-violencia-sexual\/\" target=\"_blank\" rel=\"noopener\">Not\u00edcia completa<\/a><\/td>\n<\/tr>\n<\/tbody>\n<\/table>\n<\/td>\n<\/tr>\n<\/tbody>\n<\/table>\n<\/td>\n<\/tr>\n<\/tbody>\n<\/table>\n<p><!-- [if mso]><\/td>\n\n\n<\/tr>\n\n\n<\/table>\n\n\n<![endif]--><\/td>\n<\/tr>\n<\/tbody>\n<\/table>\n<table class=\"tnpc-row tnpc-row-block ui-sortable-handle\" style=\"border-collapse: collapse; width: 100%;\" border=\"0\" width=\"100%\" cellspacing=\"0\" cellpadding=\"0\" align=\"center\" data-id=\"hero\">\n<tbody>\n<tr>\n<td class=\"edit-block\" style=\"padding: 0; font-family: Helvetica, Arial, sans-serif;\" align=\"center\" data-options=\"options[layout]=left&amp;options&lt;img src=&quot;&quot; class=&quot; &quot;&gt;[id]=4096&amp;options&lt;img src=&quot;&quot; class=&quot; &quot;&gt;[url]=http%3A%2F%2Fportaldeboaspraticas.iff.fiocruz.br%2Fwp-content%2Fuploads%2F2019%2F05%2FSeminario_Aprimoramento_RJ_abril-2-e1556996484412.jpeg&amp;options[title]=Sudeste%201%3A%20Semin%C3%A1rio%20do%20Aprimoramento%20no%20Rio%20de%20Janeiro&amp;options[title_font_family]=Helvetica%2C%20Arial%2C%20sans-serif&amp;options[title_font_size]=18&amp;options[title_font_weight]=Bold&amp;options[title_font_color]=%23333333&amp;options[text]=Aconteceu%20em%20abril%20o%201%C2%B0%20Semin%C3%A1rio%20ApiceON%2C%20como%20cumprimento%20da%20segunda%20etapa%20do%20Curso%20de%20Aprimoramento%20para%20Enfermeiras%20Obst%C3%A9tricas%20(CAEO).%20&amp;options[font_family]=Helvetica%2C%20Arial%2C%20sans-serif&amp;options[font_size]=12&amp;options[font_weight]=Normal&amp;options[font_color]=%23333333&amp;options[button_label]=Not%C3%ADcia%20completa&amp;options[url]=http%3A%2F%2Fportaldeboaspraticas.iff.fiocruz.br%2Fapice%2Fcurso-de-aprimoramento-realiza-seminario-no-rio-de-janeiro%2F&amp;options[button_background]=%23910068&amp;options[button_color]=%23ffffff&amp;options[block_background]=%23ffffff&amp;\"><!-- [if mso]>\n\n\n<table border=\"0\" cellpadding=\"0\" align=\"center\" cellspacing=\"0\" width=\"600\">\n\n\n<tr>\n\n\n<td width=\"600\"><![endif]--><\/p>\n<table style=\"width: 100%!important; max-width: 600px!important;\" border=\"0\" width=\"100%\" cellspacing=\"0\" cellpadding=\"0\" align=\"center\">\n<tbody>\n<tr>\n<td style=\"text-align: center; background-color: #ffffff; padding: 20px 0px 20px 0px;\" align=\"center\" bgcolor=\"#ffffff\" width=\"100%\">\n<table class=\"hero-table\" width=\"290\" align=\"left\">\n<tbody>\n<tr>\n<td align=\"center\" valign=\"top\"><img decoding=\"async\" class=\"img-max\" style=\"max-width: 100%!important; height: auto!important; display: block;\" src=\"http:\/\/portaldeboaspraticas.iff.fiocruz.br\/wp-content\/newsletter\/thumbnails\/2019\/05\/Seminario_Aprimoramento_RJ_abril-2-e1556996484412-300x200-c.jpeg\" alt=\"\" border=\"0\" \/><\/td>\n<\/tr>\n<\/tbody>\n<\/table>\n<table class=\"hero-table hero-table-right\" width=\"290\" align=\"right\">\n<tbody>\n<tr>\n<td>\n<table border=\"0\" width=\"100%\" cellspacing=\"0\" cellpadding=\"0\">\n<tbody>\n<tr>\n<td style=\"font-size: 18px; color: #333333; padding-top: 0; font-family: Helvetica, Arial, sans-serif; font-weight: Bold;\" align=\"center\">Sudeste 1: Semin\u00e1rio do Aprimoramento no Rio de Janeiro<\/td>\n<\/tr>\n<tr>\n<td style=\"padding: 20px 0 0 0; font-size: 12px; line-height: 150%; color: #666666; font-family: Helvetica, Arial, sans-serif; font-weight: Normal;\" align=\"center\">Aconteceu em abril o 1\u00b0 Semin\u00e1rio ApiceON, como cumprimento da segunda etapa do Curso de Aprimoramento para Enfermeiras Obst\u00e9tricas (CAEO).<\/td>\n<\/tr>\n<\/tbody>\n<\/table>\n<p>&nbsp;<\/p>\n<table style=\"background-color: #910068; \/*border: 1px solid #353535; *\/ border-radius: 5px;\" border=\"0\" cellspacing=\"0\" cellpadding=\"0\" align=\"center\">\n<tbody>\n<tr>\n<td style=\"color: #ffffff; font-family: Helvetica, Arial, sans-serif; font-size: 12px; font-weight: bold; letter-spacing: -.5px; line-height: 150%; padding: 10px 30px 10px 30px;\" align=\"center\" valign=\"middle\"><a style=\"color: #ffffff; text-decoration: none;\" href=\"http:\/\/portaldeboaspraticas.iff.fiocruz.br\/apice\/curso-de-aprimoramento-realiza-seminario-no-rio-de-janeiro\/\" target=\"_blank\" rel=\"noopener\">Not\u00edcia completa<\/a><\/td>\n<\/tr>\n<\/tbody>\n<\/table>\n<\/td>\n<\/tr>\n<\/tbody>\n<\/table>\n<\/td>\n<\/tr>\n<\/tbody>\n<\/table>\n<p><!-- [if mso]><\/td>\n\n\n<\/tr>\n\n\n<\/table>\n\n\n<![endif]--><\/td>\n<\/tr>\n<\/tbody>\n<\/table>\n<table class=\"tnpc-row tnpc-row-block ui-sortable-handle\" style=\"border-collapse: collapse; width: 100%;\" border=\"0\" width=\"100%\" cellspacing=\"0\" cellpadding=\"0\" align=\"center\" data-id=\"hero\">\n<tbody>\n<tr>\n<td class=\"edit-block\" style=\"padding: 0; font-family: Helvetica, Arial, sans-serif;\" align=\"center\" data-options=\"options[layout]=left&amp;options&lt;img src=&quot;&quot; class=&quot; &quot;&gt;[id]=4097&amp;options&lt;img src=&quot;&quot; class=&quot; &quot;&gt;[url]=http%3A%2F%2Fportaldeboaspraticas.iff.fiocruz.br%2Fwp-content%2Fuploads%2F2019%2F05%2FSeminario_Apice_CHM-e1556997352513.jpg&amp;options[title]=Sudeste%202%3A%20Semin%C3%A1rio%20Local%20ApiceON%20acontece%20no%20Conjunto%20Hospitalar%20do%20Mandaqui&amp;options[title_font_family]=Helvetica%2C%20Arial%2C%20sans-serif&amp;options[title_font_size]=18&amp;options[title_font_weight]=Bold&amp;options[title_font_color]=%23333333&amp;options[text]=Conjunto%20Hospitalar%20do%20Mandaqui%20(CHM)%2C%20em%20S%C3%A3o%20Paulo%2C%20realiza%20III%20Semin%C3%A1rio%20Institucional%20do%20Projeto%20ApiceON.%20O%20tema%20abordado%20foi%20a%20aten%C3%A7%C3%A3o%20a%20mulheres%20v%C3%ADtimas%20de%20viol%C3%AAncia.&amp;options[font_family]=Helvetica%2C%20Arial%2C%20sans-serif&amp;options[font_size]=12&amp;options[font_weight]=Normal&amp;options[font_color]=%23333333&amp;options[button_label]=Not%C3%ADcia%20completa&amp;options[url]=http%3A%2F%2Fportaldeboaspraticas.iff.fiocruz.br%2Fapice%2Fatencao-as-mulheres-vitimas-de-violencia-e-tema-de-seminario-apiceon-em-sao-paulo%2F&amp;options[button_background]=%23910068&amp;options[button_color]=%23ffffff&amp;options[block_background]=%23ffffff&amp;\"><!-- [if mso]>\n\n\n<table border=\"0\" cellpadding=\"0\" align=\"center\" cellspacing=\"0\" width=\"600\">\n\n\n<tr>\n\n\n<td width=\"600\"><![endif]--><\/p>\n<table style=\"width: 100%!important; max-width: 600px!important;\" border=\"0\" width=\"100%\" cellspacing=\"0\" cellpadding=\"0\" align=\"center\">\n<tbody>\n<tr>\n<td style=\"text-align: center; background-color: #ffffff; padding: 20px 0px 20px 0px;\" align=\"center\" bgcolor=\"#ffffff\" width=\"100%\">\n<table class=\"hero-table\" width=\"290\" align=\"left\">\n<tbody>\n<tr>\n<td align=\"center\" valign=\"top\"><img decoding=\"async\" class=\"img-max\" style=\"max-width: 100%!important; height: auto!important; display: block;\" src=\"http:\/\/portaldeboaspraticas.iff.fiocruz.br\/wp-content\/newsletter\/thumbnails\/2019\/05\/Seminario_Apice_CHM-e1556997352513-300x200-c.jpg\" alt=\"\" border=\"0\" \/><\/td>\n<\/tr>\n<\/tbody>\n<\/table>\n<table class=\"hero-table hero-table-right\" width=\"290\" align=\"right\">\n<tbody>\n<tr>\n<td>\n<table border=\"0\" width=\"100%\" cellspacing=\"0\" cellpadding=\"0\">\n<tbody>\n<tr>\n<td style=\"font-size: 18px; color: #333333; padding-top: 0; font-family: Helvetica, Arial, sans-serif; font-weight: Bold;\" align=\"center\">Sudeste 2: Semin\u00e1rio Local ApiceON acontece no Conjunto Hospitalar do Mandaqui<\/td>\n<\/tr>\n<tr>\n<td style=\"padding: 20px 0 0 0; font-size: 12px; line-height: 150%; color: #666666; font-family: Helvetica, Arial, sans-serif; font-weight: Normal;\" align=\"center\">Conjunto Hospitalar do Mandaqui (CHM), em S\u00e3o Paulo, realiza III Semin\u00e1rio Institucional do Projeto ApiceON. O tema abordado foi a aten\u00e7\u00e3o a mulheres v\u00edtimas de viol\u00eancia.<\/td>\n<\/tr>\n<\/tbody>\n<\/table>\n<p>&nbsp;<\/p>\n<table style=\"background-color: #910068; \/*border: 1px solid #353535; *\/ border-radius: 5px;\" border=\"0\" cellspacing=\"0\" cellpadding=\"0\" align=\"center\">\n<tbody>\n<tr>\n<td style=\"color: #ffffff; font-family: Helvetica, Arial, sans-serif; font-size: 12px; font-weight: bold; letter-spacing: -.5px; line-height: 150%; padding: 10px 30px 10px 30px;\" align=\"center\" valign=\"middle\"><a style=\"color: #ffffff; text-decoration: none;\" href=\"http:\/\/portaldeboaspraticas.iff.fiocruz.br\/apice\/atencao-as-mulheres-vitimas-de-violencia-e-tema-de-seminario-apiceon-em-sao-paulo\/\" target=\"_blank\" rel=\"noopener\">Not\u00edcia completa<\/a><\/td>\n<\/tr>\n<\/tbody>\n<\/table>\n<\/td>\n<\/tr>\n<\/tbody>\n<\/table>\n<\/td>\n<\/tr>\n<\/tbody>\n<\/table>\n<p><!-- [if mso]><\/td>\n\n\n<\/tr>\n\n\n<\/table>\n\n\n<![endif]--><\/td>\n<\/tr>\n<\/tbody>\n<\/table>\n<table class=\"tnpc-row tnpc-row-block ui-sortable-handle\" style=\"border-collapse: collapse; width: 100%;\" border=\"0\" width=\"100%\" cellspacing=\"0\" cellpadding=\"0\" align=\"center\" data-id=\"separator\">\n<tbody>\n<tr>\n<td class=\"edit-block\" style=\"padding: 0; font-family: Helvetica, Arial, sans-serif;\" align=\"center\" data-options=\"options[color]=%23dddddd&amp;options[height]=1&amp;options[block_padding_top]=15&amp;options[block_padding_bottom]=15&amp;options[block_padding_right]=0&amp;options[block_padding_left]=0&amp;options[block_background]=%23ffffff&amp;\"><!-- [if mso]>\n\n\n<table border=\"0\" cellpadding=\"0\" align=\"center\" cellspacing=\"0\" width=\"600\">\n\n\n<tr>\n\n\n<td width=\"600\"><![endif]--><\/p>\n<table style=\"width: 100%!important; max-width: 600px!important;\" border=\"0\" width=\"100%\" cellspacing=\"0\" cellpadding=\"0\" align=\"center\">\n<tbody>\n<tr>\n<td style=\"text-align: center; background-color: #ffffff; padding: 15px 0px 15px 0px;\" align=\"center\" bgcolor=\"#ffffff\" width=\"100%\">\n<table border=\"0\" width=\"100%\" cellspacing=\"0\" cellpadding=\"0\" align=\"center\">\n<tbody>\n<tr>\n<td style=\"border-bottom: 1px solid #dddddd;\"><\/td>\n<\/tr>\n<\/tbody>\n<\/table>\n<\/td>\n<\/tr>\n<\/tbody>\n<\/table>\n<p><!-- [if mso]><\/td>\n\n\n<\/tr>\n\n\n<\/table>\n\n\n<![endif]--><\/td>\n<\/tr>\n<\/tbody>\n<\/table>\n<table class=\"tnpc-row tnpc-row-block ui-sortable-handle\" style=\"border-collapse: collapse; width: 100%; position: relative; opacity: 1; left: 0px; top: 0px;\" border=\"0\" width=\"100%\" cellspacing=\"0\" cellpadding=\"0\" align=\"center\" data-id=\"hero\">\n<tbody>\n<tr>\n<td class=\"edit-block\" style=\"padding: 0; font-family: Helvetica, Arial, sans-serif;\" align=\"center\" data-options=\"options[layout]=left&amp;options&lt;img src=&quot;&quot; class=&quot; &quot;&gt;[id]=4092&amp;options&lt;img src=&quot;&quot; class=&quot; &quot;&gt;[url]=http%3A%2F%2Fportaldeboaspraticas.iff.fiocruz.br%2Fwp-content%2Fuploads%2F2019%2F05%2FPLAYALL.jpg&amp;options[title]=Tecnologia%20a%20favor%20do%20Aprimoramento%20e%20da%20Inova%C3%A7%C3%A3o&amp;options[title_font_family]=Helvetica%2C%20Arial%2C%20sans-serif&amp;options[title_font_size]=18&amp;options[title_font_weight]=Bold&amp;options[title_font_color]=%23333333&amp;options[text]=As%20Plataformas%20Virtuais%20d%C3%A3o%20suporte%20%C3%A0s%20atividades%20presenciais%2C%20permitindo%20a%20otimiza%C3%A7%C3%A3o%20de%20recursos%20e%20a%C3%A7%C3%B5es.%20Preparamos%20v%C3%ADdeos%20que%20auxiliar%C3%A3o%20o%20uso%20dessas%20ferramentas.&amp;options[font_family]=Helvetica%2C%20Arial%2C%20sans-serif&amp;options[font_size]=14&amp;options[font_weight]=Normal&amp;options[font_color]=%23333333&amp;options[button_label]=Assistir&amp;options[url]=http%3A%2F%2Fportaldeboaspraticas.iff.fiocruz.br%2Fapice%2Fplataformas-virtuais-apiceon-e-portal-de-boas-praticas-em-saude-da-mulher-da-crianca-e-do-adolescente%2F&amp;options[button_background]=%23910068&amp;options[button_color]=%23ffffff&amp;options[block_background]=%23ffffff&amp;\"><!-- [if mso]>\n\n\n<table border=\"0\" cellpadding=\"0\" align=\"center\" cellspacing=\"0\" width=\"600\">\n\n\n<tr>\n\n\n<td width=\"600\"><![endif]--><\/p>\n<table style=\"width: 100%!important; max-width: 600px!important;\" border=\"0\" width=\"100%\" cellspacing=\"0\" cellpadding=\"0\" align=\"center\">\n<tbody>\n<tr>\n<td style=\"text-align: center; background-color: #ffffff; padding: 20px 0px 20px 0px;\" align=\"center\" bgcolor=\"#ffffff\" width=\"100%\">\n<table class=\"hero-table\" width=\"290\" align=\"left\">\n<tbody>\n<tr>\n<td align=\"center\" valign=\"top\"><img decoding=\"async\" class=\"img-max\" style=\"max-width: 100%!important; height: auto!important; display: block;\" src=\"http:\/\/portaldeboaspraticas.iff.fiocruz.br\/wp-content\/newsletter\/thumbnails\/2019\/05\/PLAYALL-300x200-c.jpg\" alt=\"\" border=\"0\" \/><\/td>\n<\/tr>\n<\/tbody>\n<\/table>\n<table class=\"hero-table hero-table-right\" width=\"290\" align=\"right\">\n<tbody>\n<tr>\n<td>\n<table border=\"0\" width=\"100%\" cellspacing=\"0\" cellpadding=\"0\">\n<tbody>\n<tr>\n<td style=\"font-size: 18px; color: #333333; padding-top: 0; font-family: Helvetica, Arial, sans-serif; font-weight: Bold;\" align=\"center\">Tecnologia a favor do Aprimoramento e da Inova\u00e7\u00e3o<\/td>\n<\/tr>\n<tr>\n<td style=\"padding: 20px 0 0 0; font-size: 14px; line-height: 150%; color: #666666; font-family: Helvetica, Arial, sans-serif; font-weight: Normal;\" align=\"center\">As Plataformas Virtuais d\u00e3o suporte \u00e0s atividades presenciais, permitindo a otimiza\u00e7\u00e3o de recursos e a\u00e7\u00f5es. Preparamos v\u00eddeos que auxiliar\u00e3o o uso dessas ferramentas.<\/td>\n<\/tr>\n<\/tbody>\n<\/table>\n<p>&nbsp;<\/p>\n<table style=\"background-color: #910068; \/*border: 1px solid #353535; *\/ border-radius: 5px;\" border=\"0\" cellspacing=\"0\" cellpadding=\"0\" align=\"center\">\n<tbody>\n<tr>\n<td style=\"color: #ffffff; font-family: Helvetica, Arial, sans-serif; font-size: 14px; font-weight: bold; letter-spacing: -.5px; line-height: 150%; padding: 10px 30px 10px 30px;\" align=\"center\" valign=\"middle\"><a style=\"color: #ffffff; text-decoration: none;\" href=\"http:\/\/portaldeboaspraticas.iff.fiocruz.br\/apice\/plataformas-virtuais-apiceon-e-portal-de-boas-praticas-em-saude-da-mulher-da-crianca-e-do-adolescente\/\" target=\"_blank\" rel=\"noopener\">Assistir<\/a><\/td>\n<\/tr>\n<\/tbody>\n<\/table>\n<\/td>\n<\/tr>\n<\/tbody>\n<\/table>\n<\/td>\n<\/tr>\n<\/tbody>\n<\/table>\n<p><!-- [if mso]><\/td>\n\n\n<\/tr>\n\n\n<\/table>\n\n\n<![endif]--><\/td>\n<\/tr>\n<\/tbody>\n<\/table>\n<table class=\"tnpc-row ui-sortable-handle\" style=\"border-collapse: collapse; width: 100%;\" border=\"0\" width=\"100%\" cellspacing=\"0\" cellpadding=\"0\" align=\"center\" data-id=\"footer-02-canspam.block\">\n<tbody>\n<tr>\n<td style=\"padding: 0;\" align=\"center\"><!-- [if mso]>\n\n\n<table border=\"0\" cellpadding=\"0\" align=\"center\" cellspacing=\"0\" width=\"600\">\n\n\n<tr>\n\n\n<td width=\"600\"><![endif]--><\/p>\n<table style=\"width: 100%!important; max-width: 600px!important;\" border=\"0\" width=\"100%\" cellspacing=\"0\" cellpadding=\"0\" align=\"center\">\n<tbody>\n<tr>\n<td class=\"edit-block\" style=\"text-align: center; background-color: #ffffff; padding: 15px 0px 15px 0px;\" align=\"center\" bgcolor=\"#ffffff\" width=\"100%\">\n<table class=\"responsive-table\" style=\"width: 100%!important;\" border=\"0\" width=\"100%\" cellspacing=\"0\" cellpadding=\"0\" align=\"center\">\n<tbody>\n<tr>\n<td style=\"padding: 20px 15px 20px 15px; font-size: 12px; line-height: 18px; font-family: Helvetica, Arial, sans-serif; color: #666666;\" align=\"center\">\n<div class=\"tnpc-row-edit\" style=\"color: #666666;\" data-type=\"text\">\n<div style=\"text-align: center;\">\n<p><span style=\"color: #333333; font-family: verdana, geneva; font-size: 10pt;\"><strong><span style=\"font-family: Oxygen, 'Helvetica Neue', Helvetica, Arial, sans-serif; font-size: 14px; text-align: justify;\">Aprimoramento e Inova\u00e7\u00e3o no Cuidado e Ensino em Obstetr\u00edcia e Neonatologia (ApiceON)<\/span><\/strong><\/span><\/p>\n<p>&nbsp;<\/p>\n<\/div>\n<div style=\"text-align: center;\">\n<p><span style=\"color: #333333; font-family: verdana, geneva; font-size: 10pt;\"><a title=\"Aprimoramento e Inova\u00e7\u00e3o no Cuidado e Ensino em Obstetr\u00edcia e Neonatologia\" href=\"http:\/\/portaldeboaspraticas.iff.fiocruz.br\/apice\" target=\"_blank\" rel=\"noopener\">portaldeboaspraticas.iff.fiocruz.br\/apice<\/a><\/span><\/p>\n<p>&nbsp;<\/p>\n<\/div>\n<div style=\"text-align: center;\"><\/div>\n<div style=\"text-align: center;\"><span style=\"color: #333333; font-family: verdana, geneva; font-size: 10pt;\"><em>Copyright (c) &#8211; ApiceON<\/em><\/span><\/div>\n<\/div>\n<\/td>\n<\/tr>\n<\/tbody>\n<\/table>\n<\/td>\n<\/tr>\n<\/tbody>\n<\/table>\n<p><!-- [if mso]><\/td>\n\n\n<\/tr>\n\n\n<\/table>\n\n\n<![endif]--><\/td>\n<\/tr>\n<\/tbody>\n<\/table>\n<table class=\"tnpc-row ui-sortable-handle\" style=\"border-collapse: collapse; width: 100%;\" border=\"0\" width=\"100%\" cellspacing=\"0\" cellpadding=\"0\" align=\"center\" data-id=\"footer-01-footer.block\">\n<tbody>\n<tr>\n<td style=\"padding: 0;\" align=\"center\"><!-- [if mso]><\/td>\n\n\n<\/tr>\n\n\n<\/table>\n\n\n<![endif]--><\/td>\n<\/tr>\n<\/tbody>\n<\/table>\n<p>&nbsp;<\/p>\n","protected":false},"excerpt":{"rendered":"<p>&nbsp; Boletim ApiceON n.\u00ba 02\/2019 Vers\u00e3o PDF\u00a0 |\u00a0 \u00a0Ver Online Infogr\u00e1fico: Classifica\u00e7\u00e3o de Robson A classifica\u00e7\u00e3o de Robson deve ser adotada por todos os hospitais para auxiliar no monitoramento das ces\u00e1reas e ajudar a identificar os grupos de mulheres que devem ser alvo para implementa\u00e7\u00e3o de estrat\u00e9gias para redu\u00e7\u00e3o de cesarianas. &nbsp; Infogr\u00e1fico completo Como [&hellip;]<\/p>\n","protected":false},"author":2,"featured_media":1822,"parent":0,"menu_order":0,"comment_status":"closed","ping_status":"closed","template":"","meta":{"footnotes":""},"class_list":["post-1879","page","type-page","status-publish","has-post-thumbnail","hentry"],"_links":{"self":[{"href":"https:\/\/portaldeboaspraticas.iff.fiocruz.br\/apice\/wp-json\/wp\/v2\/pages\/1879","targetHints":{"allow":["GET"]}}],"collection":[{"href":"https:\/\/portaldeboaspraticas.iff.fiocruz.br\/apice\/wp-json\/wp\/v2\/pages"}],"about":[{"href":"https:\/\/portaldeboaspraticas.iff.fiocruz.br\/apice\/wp-json\/wp\/v2\/types\/page"}],"author":[{"embeddable":true,"href":"https:\/\/portaldeboaspraticas.iff.fiocruz.br\/apice\/wp-json\/wp\/v2\/users\/2"}],"replies":[{"embeddable":true,"href":"https:\/\/portaldeboaspraticas.iff.fiocruz.br\/apice\/wp-json\/wp\/v2\/comments?post=1879"}],"version-history":[{"count":7,"href":"https:\/\/portaldeboaspraticas.iff.fiocruz.br\/apice\/wp-json\/wp\/v2\/pages\/1879\/revisions"}],"predecessor-version":[{"id":1888,"href":"https:\/\/portaldeboaspraticas.iff.fiocruz.br\/apice\/wp-json\/wp\/v2\/pages\/1879\/revisions\/1888"}],"wp:featuredmedia":[{"embeddable":true,"href":"https:\/\/portaldeboaspraticas.iff.fiocruz.br\/apice\/wp-json\/wp\/v2\/media\/1822"}],"wp:attachment":[{"href":"https:\/\/portaldeboaspraticas.iff.fiocruz.br\/apice\/wp-json\/wp\/v2\/media?parent=1879"}],"curies":[{"name":"wp","href":"https:\/\/api.w.org\/{rel}","templated":true}]}}